{"id":295,"date":"2014-11-04T08:43:32","date_gmt":"2014-11-04T06:43:32","guid":{"rendered":"http:\/\/blogs2.abo.fi\/lumia\/?page_id=295"},"modified":"2014-11-04T08:43:32","modified_gmt":"2014-11-04T06:43:32","slug":"sa-har-aktiverar-och-inaktiverar-du-mobildata","status":"publish","type":"page","link":"https:\/\/blogs2.abo.fi\/w10p\/sa-har-aktiverar-och-inaktiverar-du-mobildata\/","title":{"rendered":"S\u00e5 h\u00e4r aktiverar och inaktiverar du mobildata"},"content":{"rendered":"<div class=\"procedure\" style=\"font: 14px\/24px 'Segoe UI', Helvetica, Arial, sans-serif;margin: 0px 0px 47px;padding: 0px;text-align: left;color: #333333;text-indent: 0px;letter-spacing: normal;text-decoration: none;direction: ltr;background-color: #ffffff\">\n<p>Om din enhet best\u00e4mmer sig f\u00f6r att ta i bruk mobildata\u00a0f\u00f6r\u00a0ditt abonnemang\u00a0b\u00f6r du \u00e4ven aktivera det p\u00e5 din telefon.<\/p>\n<p>Eftersom Akademins mobildataanslutningar inte \u00e4r har ett <span style=\"font: 14px\/24px 'Segoe UI', Helvetica, Arial, sans-serif;text-align: left;color: #333333;text-indent: 0px;letter-spacing: normal;float: none;background-color: #ffffff\">obegr\u00e4nsat dataabonnemang \u00e4r det viktigt f\u00f6r dig att veta hur mycket data du anv\u00e4nder och hur du ska minimera anv\u00e4ndningen i din Windows\u00a0telefon<\/span> s\u00e5 att det inte kommer en extra stor r\u00e4kning.<\/p>\n<p>S\u00e5 h\u00e4r aktiverar och inaktiverar du mobildata:<\/p>\n<ol>\n<li>\n<p style=\"font: 14px\/24px 'Segoe UI', Helvetica, Arial, sans-serif;margin: 0px 0px 21px;padding: 0px;text-align: left;color: #333333;text-decoration: none;direction: ltr\">I<span class=\"Apple-converted-space\">\u00a0<\/span><a href=\"http:\/\/www.windowsphone.com\/sv-SE\/how-to\/wp8\/settings-and-personalization\/wheres-the-app-list\" target=\"_blank\">listan med appar<\/a><span class=\"Apple-converted-space\">\u00a0<\/span>trycker du p\u00e5<span class=\"Apple-converted-space\">\u00a0<\/span><span class=\"emphasis\">Settings<span class=\"Apple-converted-space\">\u00a0<\/span><\/span><img decoding=\"async\" class=\"inlineImage\" src=\"http:\/\/assets.windowsphone.com\/c269e6d8-da28-4470-9f34-2993f8ed4a03\/start-icon-settings_InvariantCulture_Default.png\" alt=\"ikonen Inst\u00e4llningar\" \/><span class=\"Apple-converted-space\">\u00a0<\/span>&gt;<span class=\"Apple-converted-space\">\u00a0<\/span><span class=\"emphasis\">Mobiln\u00e4t+SIM<\/span>.<\/p>\n<\/li>\n<li>\n<p style=\"font: 14px\/24px 'Segoe UI', Helvetica, Arial, sans-serif;margin: 0px 0px 21px;padding: 0px;text-align: left;color: #333333;text-decoration: none;direction: ltr\">Tryck p\u00e5<span class=\"Apple-converted-space\">\u00a0<\/span><span class=\"emphasis\">Dataanslutning<\/span><span class=\"Apple-converted-space\">\u00a0<\/span>f\u00f6r att aktivera eller inaktivera mobildata.<\/p>\n<\/li>\n<\/ol>\n<p>Hur ser jag min dataanv\u00e4ndning?<\/p>\n<p>Det kan du g\u00f6ra med appen <span class=\"emphasis\" style=\"font: bold 14px\/24px 'Segoe UI', Helvetica, Arial, sans-serif;text-align: left;color: #333333;text-indent: 0px;letter-spacing: normal;background-color: #ffffff\">Data Sense<span class=\"Apple-converted-space\">\u00a0<\/span><\/span><img decoding=\"async\" class=\"inlineImage\" style=\"border-width: 0px;font: 14px\/24px 'Segoe UI', Helvetica, Arial, sans-serif;height: 22px;text-align: left;color: #333333;text-indent: 0px;letter-spacing: normal;margin-right: 3px;margin-left: 3px;vertical-align: middle;background-color: #ffffff\" src=\"http:\/\/assets.windowsphone.com\/3274e509-d156-4706-84a8-3caa0feb2d4d\/start-icon-data-sense_InvariantCulture_Default.png\" alt=\"Ikonen Data Sense\" \/><\/p>\n<p>Mer information om hur du h\u00e5ller datakostnaderna nere finns i<span class=\"Apple-converted-space\"><br \/>\n<\/span><a href=\"http:\/\/www.windowsphone.com\/sv-SE\/how-to\/wp8\/connectivity\/how-can-i-minimize-my-data-usage\" target=\"_blank\">Hur kan jag minimera min dataanv\u00e4ndning?<\/a><\/p>\n<\/div>\n","protected":false},"excerpt":{"rendered":"<p>Om din enhet best\u00e4mmer sig f\u00f6r att ta i bruk mobildata\u00a0f\u00f6r\u00a0ditt abonnemang\u00a0b\u00f6r du \u00e4ven aktivera det p\u00e5 din telefon. Eftersom Akademins mobildataanslutningar inte \u00e4r har ett obegr\u00e4nsat dataabonnemang \u00e4r det viktigt f\u00f6r dig att veta hur mycket data du anv\u00e4nder och hur du ska minimera anv\u00e4ndningen i din Windows\u00a0telefon s\u00e5 att det inte kommer en &hellip; <a href=\"https:\/\/blogs2.abo.fi\/w10p\/sa-har-aktiverar-och-inaktiverar-du-mobildata\/\" class=\"more-link\">Forts\u00e4tt l\u00e4sa <span class=\"screen-reader-text\">S\u00e5 h\u00e4r aktiverar och inaktiverar du mobildata<\/span><\/a><\/p>\n","protected":false},"author":8,"featured_media":0,"parent":0,"menu_order":0,"comment_status":"closed","ping_status":"open","template":"","meta":{"footnotes":""},"class_list":["post-295","page","type-page","status-publish","hentry"],"_links":{"self":[{"href":"https:\/\/blogs2.abo.fi\/w10p\/wp-json\/wp\/v2\/pages\/295","targetHints":{"allow":["GET"]}}],"collection":[{"href":"https:\/\/blogs2.abo.fi\/w10p\/wp-json\/wp\/v2\/pages"}],"about":[{"href":"https:\/\/blogs2.abo.fi\/w10p\/wp-json\/wp\/v2\/types\/page"}],"author":[{"embeddable":true,"href":"https:\/\/blogs2.abo.fi\/w10p\/wp-json\/wp\/v2\/users\/8"}],"replies":[{"embeddable":true,"href":"https:\/\/blogs2.abo.fi\/w10p\/wp-json\/wp\/v2\/comments?post=295"}],"version-history":[{"count":0,"href":"https:\/\/blogs2.abo.fi\/w10p\/wp-json\/wp\/v2\/pages\/295\/revisions"}],"wp:attachment":[{"href":"https:\/\/blogs2.abo.fi\/w10p\/wp-json\/wp\/v2\/media?parent=295"}],"curies":[{"name":"wp","href":"https:\/\/api.w.org\/{rel}","templated":true}]}}