{"id":571,"date":"2021-03-16T22:20:35","date_gmt":"2021-03-16T20:20:35","guid":{"rendered":"http:\/\/blogs2.abo.fi\/vocalis\/?page_id=571"},"modified":"2023-04-19T10:40:33","modified_gmt":"2023-04-19T08:40:33","slug":"studerande-berattar","status":"publish","type":"page","link":"https:\/\/blogs2.abo.fi\/vocalis\/sok-till-logopedin\/studerande-berattar\/","title":{"rendered":"Studerande ber\u00e4ttar"},"content":{"rendered":"<h1><strong>Studerande ber\u00e4ttar<\/strong><\/h1>\n<p>H\u00e4r kan du l\u00e4sa vad f\u00f6ljande logopedistuderande tycker om sina studier:<\/p>\n<p>Hugo Paulsen &#8211; Logo20 (gulis)<br \/>\nAnna Malmsten &#8211; Logo20 (gulis)<br \/>\nAmy Ilander &#8211; Logo19<br \/>\nOlivia Granfors &#8211; Logo18<br \/>\nSaga Kamppari &#8211; Logo17<br \/>\nUlrika L\u00f6nnberg &#8211; Logo15<\/p>\n<p><img loading=\"lazy\" decoding=\"async\" class=\"alignnone size-medium wp-image-594\" src=\"http:\/\/blogs2.abo.fi\/vocalis\/wp-content\/uploads\/sites\/59\/2021\/03\/bild-225x300.jpg\" alt=\"\" width=\"225\" height=\"300\" srcset=\"https:\/\/blogs2.abo.fi\/vocalis\/wp-content\/uploads\/sites\/59\/2021\/03\/bild-225x300.jpg 225w, https:\/\/blogs2.abo.fi\/vocalis\/wp-content\/uploads\/sites\/59\/2021\/03\/bild-768x1024.jpg 768w, https:\/\/blogs2.abo.fi\/vocalis\/wp-content\/uploads\/sites\/59\/2021\/03\/bild-1152x1536.jpg 1152w, https:\/\/blogs2.abo.fi\/vocalis\/wp-content\/uploads\/sites\/59\/2021\/03\/bild-1536x2048.jpg 1536w, https:\/\/blogs2.abo.fi\/vocalis\/wp-content\/uploads\/sites\/59\/2021\/03\/bild-scaled.jpg 1920w\" sizes=\"auto, (max-width: 225px) 100vw, 225px\" \/><\/p>\n<p class=\"x_MsoNormal\"><strong><span lang=\"EN-US\">Hugo Paulsen<\/span><\/strong><\/p>\n<p class=\"x_MsoNormal\"><b><span lang=\"en-FI\">Vilken \u00c5A logo\u00e5rskurs h\u00f6r du till? <\/span><\/b><span lang=\"EN-US\">Logo20<\/span><\/p>\n<p class=\"x_MsoNormal\"><span lang=\"en-FI\"><b>Hur ser en typisk studievecka ut f\u00f6r dig? <\/b><\/span><span lang=\"EN-US\">Nu p\u00e5 v\u00e5ren har vi haft runt 5-6 f\u00f6rel\u00e4sningar per vecka, oftast p\u00e5 morgnarna. Efter f\u00f6rel\u00e4sningarna brukar jag plugga en stund p\u00e5 bibban eller n\u00e5gonstans i Arken, speciellt n\u00e4r vi har tenter p\u00e5 kommande. Eftersom \u00c5As bibliotek h\u00e5ller st\u00e4ngt just nu har vi varit tvungna att studera hemma, vilket kanske inte fungerade s\u00e5 bra f\u00f6r mig i b\u00f6rjan eftersom jag koncentrerar mig b\u00e4st p\u00e5 bibban. Ibland blir det ganska jobbigt att balansera m\u00e5nga kurser samtidigt, men hittills har det fungerat bra. Det kan bero p\u00e5 att inneh\u00e5llet i kurserna st\u00f6der varandra.<\/span><\/p>\n<p class=\"x_MsoNormal\"><span lang=\"en-FI\"><b>Favoritkurs hittills? <\/b><\/span><span lang=\"EN-US\">Kursen om alternativ och kompletterande kommunikation har precis b\u00f6rjat men redan nu k\u00e4nns den som den mest intressanta kursen hittills. AKK handlar om bland annat verktyg f\u00f6r alternativ kommunikation f\u00f6r personer med kommunikationssv\u00e5righeter. Spr\u00e5kf\u00f6rm\u00e5gan p\u00e5verkar s\u00e5 m\u00e5nga aspekter av det vardagliga livet och \u00e4r l\u00e4tt att ta f\u00f6r givet, d\u00e4rf\u00f6r k\u00e4nns det s\u00e5 viktigt att studera hur vi kan st\u00f6da kommunikationen av personer som inte har s\u00e5 l\u00e4tt att kommunicera.<\/span><\/p>\n<p class=\"x_MsoNormal\"><span lang=\"en-FI\"><b>Hur \u00e4r det att vara gulis i logopedistudierna? <\/b><\/span><span lang=\"EN-US\">V\u00e5ra tutorer Selina och Alexandra gjorde ett superjobb och tack vare deras insats fick vi en j\u00e4tterolig gulisvecka! Gemenskapen vid \u00e4mnet \u00e4r bra och jag upplever att vi tas varmt emot av b\u00e5de personalen och \u00e4ldre studerande. Dessutom tycker jag att Logo20 \u00e4r ett g\u00e4ng med j\u00e4ttetrevliga m\u00e4nniskor! \u00a0<\/span><\/p>\n<p class=\"x_MsoNormal\"><span lang=\"en-FI\"><b>Har studierna varit annorlunda \u00e4n du f\u00f6rv\u00e4ntat dig? <\/b><\/span><span lang=\"EN-US\">Det har nog ganska l\u00e5ngt motsvarat mina f\u00f6rv\u00e4ntningar. Studierna kr\u00e4ver ganska mycket, samtidigt som det \u00e4r j\u00e4ttegivande. Det k\u00e4nns som att personalen tar detta i beaktande, s\u00e5 att det inte blir alltf\u00f6r jobbigt att h\u00e4nga med i studierna. Dessutom st\u00f6der vi studerande varandra n\u00e4r det beh\u00f6vs, \u00e4ven mellan \u00e5rskurser, vilket nog underl\u00e4ttar arbetsb\u00f6rdan.<\/span><\/p>\n<p class=\"x_MsoNormal\"><span lang=\"en-FI\"><b>Vad tycker du om f\u00f6reningslivet? \u00c4r du aktiv? <\/b><\/span><span lang=\"EN-US\">Vi ska definitivt inte ta f\u00f6r givet att vi har en s\u00e5 aktiv \u00e4mnesf\u00f6rening med en hel massa trevliga m\u00e4nniskor! F\u00f6r mig \u00e4r det viktigt att bidra till den gemenskapen och d\u00e4rf\u00f6r ville jag s\u00f6ka till styrelsen. Trots att det ser lite dystert ut med tanke p\u00e5 coronal\u00e4get hoppas jag att vi f\u00e5r vi ordna evenemang p\u00e5 plats n\u00e5gon g\u00e5ng under det h\u00e4r verksamhets\u00e5ret.<\/span><\/p>\n<p class=\"x_MsoNormal\"><span lang=\"en-FI\"><b>N\u00e5got annat intressant du vill ber\u00e4tta! <\/b><\/span><span lang=\"EN-US\">Jag rekommenderar varmt utbildningslinjen f\u00f6r logopedi. Tveka inte p\u00e5 att s\u00f6ka ifall du \u00e4r intresserad av \u00e4mnet!<br \/>\n<\/span><\/p>\n<hr \/>\n<p>&nbsp;<\/p>\n<p><img loading=\"lazy\" decoding=\"async\" class=\"alignnone size-medium wp-image-576\" src=\"http:\/\/blogs2.abo.fi\/vocalis\/wp-content\/uploads\/sites\/59\/2021\/03\/IMG_6721-169x300.jpg\" alt=\"\" width=\"169\" height=\"300\" srcset=\"https:\/\/blogs2.abo.fi\/vocalis\/wp-content\/uploads\/sites\/59\/2021\/03\/IMG_6721-169x300.jpg 169w, https:\/\/blogs2.abo.fi\/vocalis\/wp-content\/uploads\/sites\/59\/2021\/03\/IMG_6721-576x1024.jpg 576w, https:\/\/blogs2.abo.fi\/vocalis\/wp-content\/uploads\/sites\/59\/2021\/03\/IMG_6721.jpg 720w\" sizes=\"auto, (max-width: 169px) 100vw, 169px\" \/><\/p>\n<p><strong><span style=\"font-family: Calibri,sans-serif,serif,EmojiFont;font-size: medium\">Anna <\/span><span style=\"font-family: Calibri,sans-serif,serif,EmojiFont\">Malmsten<\/span><\/strong><\/p>\n<div><span style=\"font-family: Calibri,sans-serif,serif,EmojiFont\">\u00a0<\/span><strong><span style=\"font-family: Calibri,Helvetica,sans-serif,serif,EmojiFont\"><span style=\"font-family: Calibri,sans-serif,serif,EmojiFont;font-size: medium\">Vilken \u00c5A logo\u00e5rskurs h\u00f6r du till? <\/span><\/span><\/strong><span style=\"font-family: Calibri,Helvetica,sans-serif,serif,EmojiFont\"><span style=\"font-family: Calibri,sans-serif,serif,EmojiFont;font-size: medium\">Logo20<\/span><\/span><\/div>\n<div><span style=\"font-family: Calibri,Helvetica,sans-serif,serif,EmojiFont\"><span style=\"font-family: Calibri,sans-serif,serif,EmojiFont;font-size: medium\">\u00a0<\/span><\/span><\/div>\n<div><strong><span style=\"font-family: Calibri,Helvetica,sans-serif,serif,EmojiFont\"><span style=\"font-family: Calibri,sans-serif,serif,EmojiFont;font-size: medium\">Favoritkurs hittills? <\/span><\/span><\/strong><span style=\"font-family: Calibri,sans-serif,serif,EmojiFont;font-size: medium\">Utvecklingen av tal spr\u00e5k och kommunikation har varit min favorit kurs <\/span><span style=\"font-family: Calibri,sans-serif,serif,EmojiFont\">hittills. Det var intressant att l\u00e4ra sig hur den utvecklingen ser ut hos barn. Kursen gav s\u00e5dan information som jag k\u00e4nde att jag kommer ha nytta av inte bara i mitt kommande yrke utan ocks\u00e5 allm\u00e4nt i livet. <\/span><\/div>\n<div><span style=\"font-family: Calibri,sans-serif,serif,EmojiFont\"><b>\u00a0<\/b><\/span><\/div>\n<div><strong><span style=\"font-family: Calibri,Helvetica,sans-serif,serif,EmojiFont\"><span style=\"font-family: Calibri,sans-serif,serif,EmojiFont;font-size: medium\">Hur \u00e4r det att vara gulis i logopedistudierna? <\/span><\/span><\/strong><span style=\"font-family: Calibri,sans-serif,serif,EmojiFont;font-size: medium\">Tyv\u00e4rr b\u00f6rjade vi v\u00e5ra logopedistudier under <\/span><span style=\"font-family: Calibri,sans-serif,serif,EmojiFont\">Corona<\/span><span style=\"font-family: Calibri,sans-serif,serif,EmojiFont;font-size: medium\"> s\u00e5 min bild av att vara gulis i logopedistudierna<\/span><span style=\"font-family: Calibri,sans-serif,serif,EmojiFont;font-size: medium\"> \u00e4r kanske <\/span><span style=\"font-family: Calibri,sans-serif,serif,EmojiFont;font-size: medium\">inte helt den &#8221;riktiga&#8221; bilden. Vi har n\u00e4stan bara f\u00e5tt tr\u00e4ffa varandra i Logo20 och sett ganska lite av de \u00e4ldre studeranden vilket \u00e4r synd f\u00f6r det lilla man har tr\u00e4ffat de andra har varit v\u00e4ldigt roligt. Jag tror att tutorerna har kommit att spela en extra viktig roll f\u00f6r oss eftersom det har varit mest med dem som kontakten utanf\u00f6r Logo20 har skett. <\/span><\/div>\n<div><span style=\"font-family: Calibri,sans-serif,serif,EmojiFont;font-size: medium\">\u00a0<\/span><\/div>\n<div><strong><span style=\"font-family: Calibri,Helvetica,sans-serif,serif,EmojiFont\"><span style=\"font-family: Calibri,sans-serif,serif,EmojiFont;font-size: medium\">Hur k\u00e4ndes flytten till \u00c5bo? <\/span><\/span><\/strong><span style=\"font-family: Calibri,sans-serif,serif,EmojiFont;font-size: medium\">Jag studerade i Uppsala v\u00e5rterminen 2020, dock sista delen p\u00e5 distans fr\u00e5n <\/span><span style=\"font-family: Calibri,sans-serif,serif,EmojiFont\">Finland, s\u00e5 f\u00f6r mig var det en l\u00e4ttnad n\u00e4r jag fick veta att jag kom in till \u00c5A och skulle flytta till \u00c5bo eftersom det k\u00e4ndes mer som hemma och var n\u00e4rmare familj och v\u00e4nner \u00e4n Uppsala. Dessutom \u00e4r \u00c5bo en underbar liten storstad d\u00e4r allt finns och \u00e4r n\u00e4ra. <\/span><\/div>\n<div><span style=\"font-family: Calibri,sans-serif,serif,EmojiFont\">\u00a0<\/span><\/div>\n<div><strong><span style=\"font-family: Calibri,Helvetica,sans-serif,serif,EmojiFont\"><span style=\"font-family: Calibri,sans-serif,serif,EmojiFont;font-size: medium\">Har studierna varit annorlunda \u00e4n du f\u00f6rv\u00e4ntat dig? <\/span><\/span><\/strong><span style=\"font-family: Calibri,Helvetica,sans-serif,serif,EmojiFont\"><span style=\"font-family: Calibri,sans-serif,serif,EmojiFont;font-size: medium\">I och med att jag studerat en termin logopedi i Sverige hade jag f\u00e5tt en bild av hur studierna kanske ser ut \u00e4ven i Finland. Jag trivs j\u00e4tte bra med logopedistudierna vid \u00c5A och k\u00e4nner att det \u00e4r h\u00e4r jag ska vara. Ju mer man l\u00e4r sig desto intressantare blir \u00e4mnet!<\/span><\/span><\/div>\n<hr \/>\n<p>&nbsp;<\/p>\n<p><img loading=\"lazy\" decoding=\"async\" class=\"alignnone size-medium wp-image-601\" src=\"http:\/\/blogs2.abo.fi\/vocalis\/wp-content\/uploads\/sites\/59\/2021\/03\/thumbnail_IMG_3980-225x300.jpg\" alt=\"\" width=\"225\" height=\"300\" srcset=\"https:\/\/blogs2.abo.fi\/vocalis\/wp-content\/uploads\/sites\/59\/2021\/03\/thumbnail_IMG_3980-225x300.jpg 225w, https:\/\/blogs2.abo.fi\/vocalis\/wp-content\/uploads\/sites\/59\/2021\/03\/thumbnail_IMG_3980.jpg 240w\" sizes=\"auto, (max-width: 225px) 100vw, 225px\" \/><\/p>\n<p><strong>Amy Ilander<\/strong><\/p>\n<p><strong>Vilken \u00c5A logokurs h\u00f6r du till? <\/strong>Logo19<\/p>\n<p><strong>Favoritkurs hittils? <\/strong>AKK d\u00e4r man l\u00e4rde sig om andra kommunikationsmetoder \u00e4n bara tal samt audiologi och kommunikations sv\u00e5righeter vid h\u00f6rselskada<\/p>\n<p><strong>Har studierna varit annorlunda \u00e4n du f\u00f6rv\u00e4ntat dig? <\/strong>Studierna har ibland varit lite tyngre \u00e4n jag f\u00f6rv\u00e4ntade mig men \u00e4mnena \u00e4r oftast intressanta s\u00e5 det k\u00e4nns \u00e4nd\u00e5 roligt att studera och l\u00e4ra sig massa nytt. P\u00e5 logopedin l\u00e4ser man \u00e4nd\u00e5 en bred skala olika kurser med allt fr\u00e5n statistik till medicin och mer logopedi inriktade kurser d\u00e4r emellan.<\/p>\n<p><strong>Ber\u00e4tta hur det k\u00e4ndes att b\u00f6rja med din f\u00f6rsta praktik! <\/strong>Nu har f\u00f6rsta praktiken tagit slut, men f\u00f6re det k\u00e4ndes det v\u00e4ldigt pirrigt och lite skr\u00e4mmande, men p\u00e5 ett bra s\u00e4tt! Det var j\u00e4tte roligt att f\u00e5 g\u00f6ra n\u00e5got praktiskt och pyssla material med klasskamraterna och f\u00e5 st\u00f6d av varandra d\u00e5 allt k\u00e4ndes s\u00e5 nytt. Nu har man f\u00e5tt en liten inblick till vad man m\u00f6jligen kan h\u00e5lla p\u00e5 med sedan som f\u00e4rdig talterapeut.<\/p>\n<p><strong>Vad tycker du om f\u00f6reningslivet? <\/strong>Det \u00e4r kul! Roligt att styrelsen ordnar g\u00e4stf\u00f6rel\u00e4sningar och olika evenemang och samtidigt tr\u00e4ffar man andra Vocalis medlemmar.<\/p>\n<p><strong>N\u00e5got annat intressant du vill ber\u00e4tta! <\/strong>Ifall du tycker om att jobba med m\u00e4nniskor fr\u00e5n barn till vuxna och gillar att f\u00e5 vara kreativ s\u00e5 rekommenderar jag att du s\u00f6ker till logopedin! Hoppas vi ses i \u00c5bo!<\/p>\n<div>\n<hr \/>\n<p>&nbsp;<\/p>\n<\/div>\n<p><img loading=\"lazy\" decoding=\"async\" class=\"alignnone size-medium wp-image-572\" src=\"http:\/\/blogs2.abo.fi\/vocalis\/wp-content\/uploads\/sites\/59\/2021\/03\/WhatsApp-Image-2021-03-16-at-21.09.17-225x300.jpeg\" alt=\"\" width=\"225\" height=\"300\" srcset=\"https:\/\/blogs2.abo.fi\/vocalis\/wp-content\/uploads\/sites\/59\/2021\/03\/WhatsApp-Image-2021-03-16-at-21.09.17-225x300.jpeg 225w, https:\/\/blogs2.abo.fi\/vocalis\/wp-content\/uploads\/sites\/59\/2021\/03\/WhatsApp-Image-2021-03-16-at-21.09.17-769x1024.jpeg 769w, https:\/\/blogs2.abo.fi\/vocalis\/wp-content\/uploads\/sites\/59\/2021\/03\/WhatsApp-Image-2021-03-16-at-21.09.17-768x1022.jpeg 768w, https:\/\/blogs2.abo.fi\/vocalis\/wp-content\/uploads\/sites\/59\/2021\/03\/WhatsApp-Image-2021-03-16-at-21.09.17-1154x1536.jpeg 1154w, https:\/\/blogs2.abo.fi\/vocalis\/wp-content\/uploads\/sites\/59\/2021\/03\/WhatsApp-Image-2021-03-16-at-21.09.17.jpeg 1202w\" sizes=\"auto, (max-width: 225px) 100vw, 225px\" \/><\/p>\n<p><strong>Olivia Granfors<\/strong><\/p>\n<p><strong>Vilken \u00c5A logo\u00e5rskurs h\u00f6r du till? <\/strong>Logo18<\/p>\n<p><strong>Vad g\u00f6r du just nu (arbete\/studier)? <\/strong>Jag \u00e4r inne p\u00e5 mitt tredje studie\u00e5r och tar kandidatexamen i v\u00e5r.<\/p>\n<p><strong>Hur var det att skriva kandidatavhandling i logopedi? <\/strong>Det var en intensiv men l\u00e4rorik process att skriva kandidatavhandlingen. Skrivprocessen \u00e4r strukturerad p\u00e5 ett bra s\u00e4tt och man utvecklar verkligen sitt vetenskapliga skrivande. Opponeringarna var ocks\u00e5 mycket givande eftersom man fick ta del av de andras avhandlingar, och man l\u00e4rde sig \u00e4nnu mer om olika \u00e4mnen.<\/p>\n<p><strong>Favoritkurs hittills? <\/strong>Det \u00e4r sv\u00e5rt att v\u00e4lja en! Grunderna i r\u00f6sten var en rolig kurs, vuxenneuropsykologi var en kr\u00e4vande men mycket intressant kurs, och s\u00e5 har praktikerna f\u00f6rst\u00e5s varit favoriter!<\/p>\n<p><strong>Ber\u00e4tta om hur det \u00e4r att ha praktik! <\/strong>F\u00f6r mig har det k\u00e4nts b\u00e5de nerv\u00f6st och roligt att ha praktik! Man f\u00e5r stiga in i rollen som talterapeut och testa sina kunskaper och f\u00e4rdigheter, och man l\u00e4r sig och utvecklas otroligt mycket.<\/p>\n<hr \/>\n<p>&nbsp;<\/p>\n<p><img loading=\"lazy\" decoding=\"async\" class=\"alignnone size-medium wp-image-599\" src=\"http:\/\/blogs2.abo.fi\/vocalis\/wp-content\/uploads\/sites\/59\/2021\/03\/thumbnail_IMG_20201113_190810-225x300.jpg\" alt=\"\" width=\"225\" height=\"300\" srcset=\"https:\/\/blogs2.abo.fi\/vocalis\/wp-content\/uploads\/sites\/59\/2021\/03\/thumbnail_IMG_20201113_190810-225x300.jpg 225w, https:\/\/blogs2.abo.fi\/vocalis\/wp-content\/uploads\/sites\/59\/2021\/03\/thumbnail_IMG_20201113_190810-768x1024.jpg 768w, https:\/\/blogs2.abo.fi\/vocalis\/wp-content\/uploads\/sites\/59\/2021\/03\/thumbnail_IMG_20201113_190810.jpg 960w\" sizes=\"auto, (max-width: 225px) 100vw, 225px\" \/><\/p>\n<p><strong>Saga Kamppari<\/strong><\/p>\n<p><strong>Vilken \u00c5A logo\u00e5rskurs h\u00f6r du till? <\/strong>Logo17<\/p>\n<p><strong>Vad g\u00f6r du just nu? <\/strong>Just nu h\u00e5ller jag lite paus fr\u00e5n studierna, \u00e4r inskriven som n\u00e4rvarande men befinner mig i Nya Zeeland sedan januari 2020. G\u00e5r egentligen inga kurser f\u00f6r tillf\u00e4llet, men finslipar \u00e4nnu p\u00e5 kandin. I Nya Zeeland jobbar jag heltid.<\/p>\n<p><strong>Favoritkurs hittills? <\/strong>Medicinkurserna 1 (anatomi, fysiologi och neurologins grunder) och 3 (barnneurologi och psykiatri).<\/p>\n<p><span style=\"color: black;font-family: Calibri,Helvetica,sans-serif;font-size: small\"><span style=\"font-family: Calibri,sans-serif;font-size: medium\"><b>Har studierna varit annorlunda \u00e4n du f\u00f6rv\u00e4ntat dig? <\/b><\/span><\/span>Studierna har varit ganska l\u00e5ngt s\u00e5som jag f\u00f6rv\u00e4ntat mig; mycket teoretiskt men ocks\u00e5 en hel del praktiska \u00f6vningar vilket \u00e4r j\u00e4ttebra. Mer auskultationer \u00e4n vad jag hade f\u00f6rv\u00e4ntat mig, flesta \u00e4r v\u00e4ldigt intressanta.<\/p>\n<p><span style=\"color: black;font-family: Calibri,Helvetica,sans-serif;font-size: small\"><span style=\"font-family: Calibri,sans-serif;font-size: medium\"><b>Till vem rekommenderar du logopedistudier? <\/b><\/span><\/span>Till dem som har intresse f\u00f6r spr\u00e5k, kommunikation och vill hj\u00e4lpa och jobba med m\u00e4nniskor. Sj\u00e4lv valde jag logopedi p.g.a. mitt intresse f\u00f6r psykologi och medicin.<\/p>\n<hr \/>\n<p>&nbsp;<\/p>\n<p><img loading=\"lazy\" decoding=\"async\" class=\"alignnone size-medium wp-image-603\" src=\"http:\/\/blogs2.abo.fi\/vocalis\/wp-content\/uploads\/sites\/59\/2021\/03\/received_889299274969399-225x300.jpeg\" alt=\"\" width=\"225\" height=\"300\" srcset=\"https:\/\/blogs2.abo.fi\/vocalis\/wp-content\/uploads\/sites\/59\/2021\/03\/received_889299274969399-225x300.jpeg 225w, https:\/\/blogs2.abo.fi\/vocalis\/wp-content\/uploads\/sites\/59\/2021\/03\/received_889299274969399.jpeg 768w\" sizes=\"auto, (max-width: 225px) 100vw, 225px\" \/><\/p>\n<p><strong>Ulrika L\u00f6nnberg <\/strong><\/p>\n<p><strong>Vilken \u00c5A logokurs h\u00f6r du till? <\/strong>Logo15<\/p>\n<p><strong>Vad g\u00f6r du just nu? <\/strong>F\u00f6rs\u00f6ker f\u00e4rdigst\u00e4lla min pro gradu-avhandling samtidigt som jag jobbar som vikarierande talterapeut (studerande) p\u00e5 \u00c5bo universitetscentralsjukhus vid barnneurologiska.<\/p>\n<p><strong>Favoritklientgrupp att arbeta med? <\/strong>Kan inte s\u00e4ga att jag \u00e4nnu skulle ha hittat \u201dmin\u201d klientgrupp att jobba med. Som (snart) nyutexaminerad tycker jag om att f\u00e5 erfarenhet av lite allting f\u00f6r att sedan i framtiden l\u00e4sa in mig p\u00e5 n\u00e5got mer specifikt. Under studietiden var jag helt s\u00e4ker p\u00e5 att det \u00e4r vuxna jag kommer jobba men mitt kliniska arbete har hittills fr\u00e4mst best\u00e5tt av talterapeutiska bed\u00f6mningar av barn. De bakomliggande orsakerna till att barnen kommit p\u00e5 bed\u00f6mning \u00e4r v\u00e4ldigt varierande och placerar sig inom flera olika omr\u00e5den som man som talterapeut kan jobba med.<\/p>\n<p>Under min l\u00e5ngpraktik v\u00e4cktes ett intresse f\u00f6r \u00e4t- och sv\u00e4ljningsproblematik hos barn medan jag just nu tr\u00e4ffar barn som kommer f\u00f6r bed\u00f6mning\/utredning g\u00e4llande allt fr\u00e5n f\u00f6rsenad spr\u00e5kutveckling, grava l\u00e4s- och skrivsv\u00e5righeter till misstanke om autism. Gillar att det \u00e4r s\u00e5 varierat! Hoppas p\u00e5 att i framtiden \u00e4ven f\u00e5 erfarenhet av att jobba med vuxenklienter samt jobba som (re)habiliterande talterapeut.<\/p>\n<p><strong>Har studierna\/yrket varit annorlunda \u00e4n du f\u00f6rv\u00e4ntat dig? <\/strong>Jag visste egentligen inte s\u00e5 mycket om vad talterapeutyrket innebar d\u00e5 jag s\u00f6kte. Logopedin beskrevs som ett brett \u00e4mnesomr\u00e5de d\u00e4r psykologin, de medicinska \u00e4mnena samt att f\u00e5 arbeta med m\u00e4nniskor var det som d\u00e5 lockade mig. Under studietiden g\u00e5r man kursvis igenom ett brett kunskapsomr\u00e5de och trots det visar sig yrket ha s\u00e5 mycket mer att erbjuda. Jag hade l\u00e4nge bilden av att en talterapeut endast utf\u00f6r terapi och hela denna del om vad det inneb\u00e4r att jobba p\u00e5 sjukhus i ett m\u00e5ngprofessionellt team var v\u00e4ldigt fr\u00e4mmande. Yrket \u00e4r mycket mer varierande \u00e4n vad jag trodde d\u00e5 jag b\u00f6rjade studera!<\/p>\n<p><strong>Ber\u00e4tta om din l\u00e5nga praktik! <\/strong>Lite av en slump fick jag praktikplats vid Tammerfors universitetssjukhus p\u00e5 barnneurologiska sidan. Med v\u00e4ldigt svag finska och r\u00e4tt d\u00e5lig kunskap om barnneurologi var det en stor utmaning, men det \u00e4r under praktiker man l\u00e4r sig! D\u00e4r jobbade jag i m\u00e5ngprofessionellt team och utf\u00f6rde bed\u00f6mningar och tr\u00e4ffade runt 70 barn med olika diagnoser och syndrom. Min handledare jobbade \u00e4ven med \u00e4t- och sv\u00e4ljningssv\u00e5righeter s\u00e5 jag var med och l\u00e4rde mig b.la. utf\u00f6ra VFG-unders\u00f6kning (r\u00f6ntgenunders\u00f6kning av sv\u00e4ljfunktionen).<\/p>\n<p>Ut\u00f6ver att g\u00f6ra bed\u00f6mningar hade min handledare \u00e4ven hand om remisser som kom fr\u00e5n andra avdelningar p\u00e5 sjukhuset och utf\u00f6rde terapi vilket gjorde att jag var med och tr\u00e4ffade barn med b.la hj\u00e4rntrauma, cancer samt nyf\u00f6dda. Jag hade \u00e4ven m\u00f6jligheten att f\u00f6lja med andra talterapeuter vid sjukhuset s\u00e5 var n\u00e5gra dagar p\u00e5 vuxenneurologiska, foniatriska och hj\u00e4lpmedelscentralen.<\/p>\n<p><strong>Vad tyckte du om f\u00f6reningslivet d\u00e5 du studerade? <\/strong>Jag tyckte om att som ny studerande h\u00e4nga med lite \u00f6verallt och tog vara p\u00e5 de flesta chanser att g\u00f6ra n\u00e5got nytt och tr\u00e4ffa nya m\u00e4nniskor (i v\u00e5rt k\u00e4ra kafferum l\u00e4rde man redan k\u00e4nna de flesta logostuderanden \u00e4ven utanf\u00f6r sin egen logokurs). Det ledde till att jag under studietiden hann vara tutor, var s\u00e5ngledare p\u00e5 sitzer, blev ordf\u00f6rande f\u00f6r \u00e4mnesf\u00f6reningen Vocalis samt var \u00e5rsfestmarskalk vid Vocalis X \u00e5rsfest. Detta \u00e4r d\u00e5 uppdrag jag tog p\u00e5 mig vilket man kan g\u00f6ra om man har ett intresse f\u00f6r s\u00e5dant!<\/p>\n<p>\u00c4mnesf\u00f6reningen Vocalis har \u00e4ven samarbete med Karolinska institutet och logostuderande fr\u00e5n \u00c5A har m\u00f6jligheten att delta i \u201dLogopedidagarna\u201d som ordnas i Sverige s\u00e5 det blev \u00e4ven n\u00e5gra turer \u00f6ver dit. Som studerande vid \u00c5A kan man \u00e4ven delta i olika evenemang utanf\u00f6r ens egna \u00e4mnesf\u00f6rening samt l\u00e4sa \u00f6vriga kurser vilket gjorde att jag fick m\u00e5nga nya bekantskaper \u00e4ven utanf\u00f6r mitt eget studie\u00e4mne! Jag var eventuellt lite f\u00f6r aktiv i det ena och det andra i samband med egna studier vilket ledde till att d\u00e5 kandi\u00e5ret b\u00f6rjade vara avklarat k\u00e4nde jag att jag beh\u00f6vde en liten paus och f\u00e5 g\u00f6ra n\u00e5got annat emellan. S\u00e5 jag \u00e5kte p\u00e5 utbyte till Norge!<\/p>\n","protected":false},"excerpt":{"rendered":"<p>Studerande ber\u00e4ttar H\u00e4r kan du l\u00e4sa vad f\u00f6ljande logopedistuderande tycker om sina studier: Hugo Paulsen &#8211; Logo20 (gulis) Anna Malmsten &#8211; Logo20 (gulis) Amy Ilander &#8211; Logo19 Olivia Granfors &#8211; Logo18 Saga Kamppari &#8211; Logo17 Ulrika L\u00f6nnberg &#8211; Logo15 Hugo &hellip; <a href=\"https:\/\/blogs2.abo.fi\/vocalis\/sok-till-logopedin\/studerande-berattar\/\">Forts\u00e4tt l\u00e4sa <span class=\"meta-nav\">&rarr;<\/span><\/a><\/p>\n","protected":false},"author":465,"featured_media":0,"parent":48,"menu_order":0,"comment_status":"closed","ping_status":"closed","template":"","meta":{"footnotes":""},"class_list":["post-571","page","type-page","status-publish","hentry"],"_links":{"self":[{"href":"https:\/\/blogs2.abo.fi\/vocalis\/wp-json\/wp\/v2\/pages\/571","targetHints":{"allow":["GET"]}}],"collection":[{"href":"https:\/\/blogs2.abo.fi\/vocalis\/wp-json\/wp\/v2\/pages"}],"about":[{"href":"https:\/\/blogs2.abo.fi\/vocalis\/wp-json\/wp\/v2\/types\/page"}],"author":[{"embeddable":true,"href":"https:\/\/blogs2.abo.fi\/vocalis\/wp-json\/wp\/v2\/users\/465"}],"replies":[{"embeddable":true,"href":"https:\/\/blogs2.abo.fi\/vocalis\/wp-json\/wp\/v2\/comments?post=571"}],"version-history":[{"count":17,"href":"https:\/\/blogs2.abo.fi\/vocalis\/wp-json\/wp\/v2\/pages\/571\/revisions"}],"predecessor-version":[{"id":770,"href":"https:\/\/blogs2.abo.fi\/vocalis\/wp-json\/wp\/v2\/pages\/571\/revisions\/770"}],"up":[{"embeddable":true,"href":"https:\/\/blogs2.abo.fi\/vocalis\/wp-json\/wp\/v2\/pages\/48"}],"wp:attachment":[{"href":"https:\/\/blogs2.abo.fi\/vocalis\/wp-json\/wp\/v2\/media?parent=571"}],"curies":[{"name":"wp","href":"https:\/\/api.w.org\/{rel}","templated":true}]}}