{"id":61,"date":"2020-11-19T13:57:57","date_gmt":"2020-11-19T13:57:57","guid":{"rendered":"http:\/\/blogs2.abo.fi\/statsvetardagarna2021\/?page_id=61"},"modified":"2021-03-26T12:29:41","modified_gmt":"2021-03-26T12:29:41","slug":"valkommen-tervetuloa-welcome","status":"publish","type":"page","link":"https:\/\/blogs2.abo.fi\/statsvetardagarna2021\/","title":{"rendered":"V\u00e4lkommen \/ Tervetuloa \/ Welcome"},"content":{"rendered":"<p>Statsvetenskapliga f\u00f6reningens \u00e5rliga huvudevenemang Statsvetardagarna ordnas virtuellt 10-12 maj 2021. T<span data-contrast=\"auto\">emat f\u00f6r evenemanget<\/span><span data-contrast=\"auto\">\u00a0\u00e4r\u00a0<\/span><span data-contrast=\"auto\">\u201dD<\/span><span data-contrast=\"auto\">emokrati<\/span><span data-contrast=\"auto\">n<\/span><span data-contrast=\"auto\">s kris och framtid\u201d.<\/span><span data-ccp-props=\"{&quot;201341983&quot;:0,&quot;335559739&quot;:200,&quot;335559740&quot;:276}\">\u00a0<\/span><\/p>\n<p>Evenemanget koordineras av <a href=\"https:\/\/www.abo.fi\/institutet-for-samhallsforskning\/\">Institutet f\u00f6r Samh\u00e4llsforskning (Samforsk)<\/a>, <a href=\"https:\/\/www.futudem.fi\/futudem\/\">FutuDem, <\/a>\u00e4mnet statskunskap och <a href=\"https:\/\/www.abo.fi\/om-abo-akademi\/fakulteterna\/fakulteten-for-samhallsvetenskaper-och-ekonomi\/\">Fakulteten f\u00f6r samh\u00e4llsvetenskaper och ekonomi<\/a> vid \u00c5bo Akademi.<\/p>\n<p>F\u00f6r mera information, se \u201dP\u00e5 svenska\u201d.<\/p>\n<p>*****<\/p>\n<p>Valtiotieteellisen yhdistyksen vuosittainen p\u00e4\u00e4tapahtuma Politiikan tutkimuksen p\u00e4iv\u00e4t j\u00e4rjestet\u00e4\u00e4n verkossa 10.\u201312. toukokuuta 2021. T\u00e4n\u00e4 vuonna p\u00e4ivien teemana on \u201cDemokratian kriisi ja tulevaisuus&#8221;.<\/p>\n<p>Tapahtuman j\u00e4rjest\u00e4\u00e4 <a href=\"https:\/\/www.abo.fi\/fi\/samforsk\/\">The Social Science Research Institute (Samforsk)<\/a>, <a href=\"https:\/\/www.futudem.fi\/futudem\/\">FutuDem, <\/a>valtio-opin oppiaine sek\u00e4 <a href=\"https:\/\/www.abo.fi\/fi\/abo-akademista\/tiedekunnat\/yhteiskuntatieteiden-ja-kauppatieteiden-tiedekunta\/\">yhteiskuntatieteiden ja kauppatieteiden tiedekunta<\/a> \u00c5bo Akademista.<\/p>\n<p>Katso lis\u00e4tietoa p\u00e4ivist\u00e4 &#8221;Suomeksi&#8221; alta.<\/p>\n<p>*****<\/p>\n<p>The Annual Conference of the Finnish Political Science Association 2021 will be organized online on May 10\u201312, 2021. This year the theme is \u201cThe Crisis and Future of Democracy\u201d.<\/p>\n<p>The event is coordinated by <a href=\"https:\/\/www.abo.fi\/fi\/samforsk\/\">The Social Science Research Institute (Samforsk)<\/a>, <a href=\"https:\/\/www.futudem.fi\/futudem\/\">FutuDem<\/a>, the subject Political Science, and the <a href=\"https:\/\/www.abo.fi\/en\/about-abo-akademi-university\/faculties\/faculty-of-social-sciences-business-and-economics\/\">Faculty of Social Sciences, Business and Economics<\/a> at \u00c5bo Akademi University.<\/p>\n<p>For more information, see &#8221;In English&#8221;.<\/p>\n<p>&nbsp;<\/p>\n<p>&nbsp;<\/p>\n","protected":false},"excerpt":{"rendered":"<p>Statsvetenskapliga f\u00f6reningens \u00e5rliga huvudevenemang Statsvetardagarna ordnas virtuellt 10-12 maj 2021. Temat f\u00f6r evenemanget\u00a0\u00e4r\u00a0\u201dDemokratins kris och framtid\u201d.\u00a0 Evenemanget koordineras av Institutet f\u00f6r Samh\u00e4llsforskning (Samforsk), FutuDem, \u00e4mnet statskunskap och Fakulteten f\u00f6r samh\u00e4llsvetenskaper och ekonomi vid \u00c5bo Akademi. F\u00f6r mera information, se \u201dP\u00e5 svenska\u201d. ***** Valtiotieteellisen yhdistyksen vuosittainen p\u00e4\u00e4tapahtuma Politiikan tutkimuksen p\u00e4iv\u00e4t j\u00e4rjestet\u00e4\u00e4n verkossa 10.\u201312. toukokuuta 2021. T\u00e4n\u00e4 &hellip; <\/p>\n<p class=\"link-more\"><a href=\"https:\/\/blogs2.abo.fi\/statsvetardagarna2021\/\" class=\"more-link\">Forts\u00e4tt l\u00e4sa<span class=\"screen-reader-text\"> \u201dV\u00e4lkommen \/ Tervetuloa \/ Welcome\u201d<\/span><\/a><\/p>\n","protected":false},"author":573,"featured_media":0,"parent":0,"menu_order":0,"comment_status":"closed","ping_status":"closed","template":"","meta":{"footnotes":""},"class_list":["post-61","page","type-page","status-publish","hentry"],"_links":{"self":[{"href":"https:\/\/blogs2.abo.fi\/statsvetardagarna2021\/wp-json\/wp\/v2\/pages\/61","targetHints":{"allow":["GET"]}}],"collection":[{"href":"https:\/\/blogs2.abo.fi\/statsvetardagarna2021\/wp-json\/wp\/v2\/pages"}],"about":[{"href":"https:\/\/blogs2.abo.fi\/statsvetardagarna2021\/wp-json\/wp\/v2\/types\/page"}],"author":[{"embeddable":true,"href":"https:\/\/blogs2.abo.fi\/statsvetardagarna2021\/wp-json\/wp\/v2\/users\/573"}],"replies":[{"embeddable":true,"href":"https:\/\/blogs2.abo.fi\/statsvetardagarna2021\/wp-json\/wp\/v2\/comments?post=61"}],"version-history":[{"count":16,"href":"https:\/\/blogs2.abo.fi\/statsvetardagarna2021\/wp-json\/wp\/v2\/pages\/61\/revisions"}],"predecessor-version":[{"id":347,"href":"https:\/\/blogs2.abo.fi\/statsvetardagarna2021\/wp-json\/wp\/v2\/pages\/61\/revisions\/347"}],"wp:attachment":[{"href":"https:\/\/blogs2.abo.fi\/statsvetardagarna2021\/wp-json\/wp\/v2\/media?parent=61"}],"curies":[{"name":"wp","href":"https:\/\/api.w.org\/{rel}","templated":true}]}}