{"id":263,"date":"2018-02-16T12:20:03","date_gmt":"2018-02-16T12:20:03","guid":{"rendered":"http:\/\/blogs2.abo.fi\/nuas\/?page_id=263"},"modified":"2018-05-17T12:01:26","modified_gmt":"2018-05-17T12:01:26","slug":"conferenceprogramme","status":"publish","type":"page","link":"https:\/\/blogs2.abo.fi\/nuas\/conferenceprogramme\/","title":{"rendered":"Programme"},"content":{"rendered":"<p>The conference programme has now been finalised. Thank you for all valuable feedback we have been given during the past months. We have taken your suggestions into account as much as possible. Some new parallel sessions and optional programmes have also been planned in accordance with your feedback.<\/p>\n<h1>Wednesday 2 May<\/h1>\n<table cellpadding=\"1\">\n<tbody>\n<tr>\n<td width=\"25%\">09.00 \u2192<\/td>\n<td>Registration open<\/td>\n<\/tr>\n<tr>\n<td width=\"25%\">09.30 \u2013 11.00<\/td>\n<td><strong>Guided tour<\/strong> around the university campus area<\/td>\n<\/tr>\n<tr>\n<td width=\"25%\">12.00 &#8211; 13.30<\/td>\n<td>Lunch<\/td>\n<\/tr>\n<tr>\n<td width=\"25%\">13.30 &#8211; 13.45<\/td>\n<td><strong>Welcome and opening of the conference<br \/>\n<\/strong>Vicerektor Christina Nygren-Landg\u00e4rds<br \/>\nChair of NUAS group Heidi Adolfsen<\/td>\n<\/tr>\n<tr>\n<td width=\"25%\">13.45 &#8211; 14.30<\/td>\n<td><a href=\"http:\/\/blogs2.abo.fi\/nuas\/wp-content\/uploads\/sites\/73\/2018\/05\/S\u00e6thre-NUAS-\u00c5bo_Turku-2018.pdf\">Keynote<\/a><a href=\"http:\/\/blogs2.abo.fi\/nuas\/wp-content\/uploads\/sites\/73\/2018\/05\/S\u00e6thre-NUAS-\u00c5bo_Turku-2018.pdf\">:<\/a><strong><a href=\"http:\/\/blogs2.abo.fi\/nuas\/wp-content\/uploads\/sites\/73\/2018\/05\/S\u00e6thre-NUAS-\u00c5bo_Turku-2018.pdf\"> Supporting Student Success \u2013 From Recruitment to Employability<\/a><\/strong><br \/>\nHarald \u00c5ge Saethre, University of Bergen<\/td>\n<\/tr>\n<tr>\n<td width=\"25%\">14.30 \u2013 14.45<\/td>\n<td>Coffee and networking<\/td>\n<\/tr>\n<tr>\n<td width=\"25%\">14.45 &#8211; 16.00<\/td>\n<td><strong>Parallel sessions 1<\/strong>:<\/td>\n<\/tr>\n<tr>\n<td width=\"25%\"><\/td>\n<td>Line Elleman-Jensen, University of Copenhagen:<br \/>\n<strong><a href=\"http:\/\/blogs2.abo.fi\/nuas\/wp-content\/uploads\/sites\/73\/2018\/05\/Another-kind-of-selfassessment.pdf\">Another kind of selfassessment<\/a> <\/strong><em>(Presentation)<\/em><strong><br \/>\n<\/strong><\/td>\n<\/tr>\n<tr>\n<td width=\"25%\"><\/td>\n<td>Johan Nyman, \u00c5bo Akademi University:<br \/>\n<strong>Digitalisering av IT-st\u00f6dda planeringsverktyg f\u00f6r l\u00e4rare, studerande och administration <\/strong><em>(Presentation)<\/em><strong><br \/>\n<\/strong><\/td>\n<\/tr>\n<tr>\n<td width=\"25%\"><\/td>\n<td>Kristoffer Wilhelmsen, UiT\u00a0The Arctic University of Norway: <strong><a href=\"http:\/\/blogs2.abo.fi\/nuas\/wp-content\/uploads\/sites\/73\/2018\/05\/Presentation-of-the-mentorproject-for-the-NUAS-conference.pdf\">Academic and social integration of students through mentoring<\/a>\u00a0<\/strong><em><strong>(<\/strong>Workshop)<br \/>\n<\/em><a href=\"http:\/\/blogs2.abo.fi\/nuas\/wp-content\/uploads\/sites\/73\/2018\/05\/rapport_mentorordning-1.pdf\">Mentorprosjektet<\/a><strong><br \/>\n<\/strong><\/td>\n<\/tr>\n<tr>\n<td width=\"25%\"><\/td>\n<td>Matias Erlund, \u00c5bo Akademi University and Juha Sainio, University of Turku:<br \/>\n<a href=\"http:\/\/blogs2.abo.fi\/nuas\/wp-content\/uploads\/sites\/73\/2018\/05\/NUAS-2018-Workshop-Labor-market-information-in-Career-with-conclusions-and-weblinks-2.pdf\"><strong>Labor market information in Career Guidance<\/strong> <\/a> <em>(Workshop)<\/em><strong><br \/>\n<\/strong><\/td>\n<\/tr>\n<tr>\n<td width=\"25%\">16.15 &#8211; 17.30<\/td>\n<td><strong>Parallel sessions 2<\/strong>:<\/td>\n<\/tr>\n<tr>\n<td width=\"25%\"><\/td>\n<td>Sarah Lund Petersen and Anne Teglborg,\u00a0 Aarhus University:<br \/>\n<strong>The role of the Modern counsellor <\/strong><em>(Workshop)<\/em><strong><br \/>\n<\/strong><\/td>\n<\/tr>\n<tr>\n<td width=\"25%\"><\/td>\n<td>J\u00f6rgen Tholin, H\u00f6gskolan i Bor\u00e5s:<br \/>\n<strong><a href=\"http:\/\/blogs2.abo.fi\/nuas\/wp-content\/uploads\/sites\/73\/2018\/05\/F\u00f6rslag-till-ett-nytt-tilltr\u00e4dessystem-i-Sverige.pdf\">F\u00f6rslag till ett nytt tilltr\u00e4dessystem i Sverige \u2013 Blev det \u00f6ppnare och enklare?<\/a> <\/strong><em>(Presentation)<\/em><strong><br \/>\n<\/strong><\/td>\n<\/tr>\n<tr>\n<td width=\"25%\"><\/td>\n<td>Sara Klingstedt, University of Helsinki:<br \/>\n<strong><a href=\"http:\/\/blogs2.abo.fi\/nuas\/wp-content\/uploads\/sites\/73\/2018\/05\/NUAS-2018-Sara-Klingstedt.pdf\">&#8221;Det h\u00e4r var DEN B\u00c4STA kursen jag N\u00c5GONSIN g\u00e5tt!&#8221; \u2013 Praktiska organisationspsykologiska r\u00e5d f\u00f6r att effektivt skapa upplevelser av h\u00f6g kvalitet inom h\u00f6gre utbildning<\/a> <\/strong><em>(Workshop)<\/em><strong><br \/>\n<\/strong><\/td>\n<\/tr>\n<tr>\n<td width=\"25%\"><\/td>\n<td>Mona \u00c6gidius and Anne H\u00f8jegaard-Vibild, Aarhus University:<br \/>\n<strong><a href=\"http:\/\/blogs2.abo.fi\/nuas\/wp-content\/uploads\/sites\/73\/2018\/05\/How-to-create-valuable-study-information-and-counselling-on-web.pdf\">How to create valuable study information and counselling on web<\/a> <\/strong><em>(Presentation)<\/em><strong><br \/>\n<\/strong><\/td>\n<\/tr>\n<tr>\n<td width=\"25%\">17.30 &#8211; 18.15<\/td>\n<td><strong>Best practices<br \/>\n<\/strong>Participants give 10 minutes presentations on projects\/activities\/models:<\/td>\n<\/tr>\n<tr>\n<td width=\"25%\"><\/td>\n<td>Virpi Riissanen, Aalto University:<strong><br \/>\n<a href=\"http:\/\/blogs2.abo.fi\/nuas\/wp-content\/uploads\/sites\/73\/2018\/05\/Proactive-safety-net-for-students.pdf\">Proactive safety net for students: Utilizing student surveys in study counselling<\/a><br \/>\n<\/strong><\/td>\n<\/tr>\n<tr>\n<td width=\"25%\"><\/td>\n<td>\u00a0Jens Bundgaard, Aarhus University:<br \/>\n<strong><a href=\"http:\/\/blogs2.abo.fi\/nuas\/wp-content\/uploads\/sites\/73\/2018\/05\/Introduction-to-the-Dual-Career-Model-at-Aarhus-University-and-the-performance-of-Dual-Career-Students.pdf\">Introduction to the Dual Career Model at Aarhus University and the performance of Dual Career Students<\/a><\/strong><\/td>\n<\/tr>\n<tr>\n<td width=\"25%\"><\/td>\n<td>Minna Kari and Essi Ekman, University of Turku:<br \/>\n<strong><a href=\"http:\/\/blogs2.abo.fi\/nuas\/wp-content\/uploads\/sites\/73\/2018\/05\/NUAS-FYC-presentation.pdf\">Find your career &#8211; Interactive career coaching online for international students at \u00c5bo Akademi University and the University of Turku (project)<\/a><\/strong><\/td>\n<\/tr>\n<tr>\n<td width=\"25%\"><\/td>\n<td>\u00a0Sanna Grannas, University of Helsinki:<br \/>\n<strong><a href=\"http:\/\/blogs2.abo.fi\/nuas\/wp-content\/uploads\/sites\/73\/2018\/05\/NUAS-04052018-Sanna-Grannas.pdf\">How Career Services work closely with the faculties regarding designing career orientation studies<\/a><\/strong><\/td>\n<\/tr>\n<tr>\n<td width=\"25%\">19.00<\/td>\n<td><strong>Conference Reception<br \/>\n<\/strong>Turku City Hall (Aurakatu\/Auragatan 2)<\/td>\n<\/tr>\n<tr>\n<td width=\"25%\">&nbsp;<\/p>\n<p><strong>Thursday 3 May<\/strong><\/td>\n<td><\/td>\n<\/tr>\n<tr>\n<td width=\"25%\">09.00 &#8211; 09.45<\/td>\n<td>Keynote: <strong>Fr\u00e5n en skola f\u00f6r alla till olika skola f\u00f6r olika barn? Nordisk grundskola p\u00e5 skilda v\u00e4gar.<br \/>\n<\/strong>Professor Fritjof Sahlstr\u00f6m, \u00c5bo Akademi University<\/td>\n<\/tr>\n<tr>\n<td width=\"25%\">09.45 &#8211; 10.30<\/td>\n<td><a href=\"http:\/\/blogs2.abo.fi\/nuas\/wp-content\/uploads\/sites\/73\/2018\/05\/Counselling-and-the-strategic-goals-of-the-university.pdf\">Keynote:<\/a><strong><a href=\"http:\/\/blogs2.abo.fi\/nuas\/wp-content\/uploads\/sites\/73\/2018\/05\/Counselling-and-the-strategic-goals-of-the-university.pdf\"> Counselling and the strategic goals of the university<\/a><br \/>\n<\/strong>Head of International affairs Irinja Paakkanen, University of Turku<\/td>\n<\/tr>\n<tr>\n<td width=\"25%\">10.30 &#8211; 11.00<\/td>\n<td>Coffee and networking<\/td>\n<\/tr>\n<tr>\n<td width=\"25%\">11.00 &#8211; 11.45<\/td>\n<td><a href=\"http:\/\/blogs2.abo.fi\/nuas\/wp-content\/uploads\/sites\/73\/2018\/05\/ICT-in-widening-access-to-career-guidance-and-counselling.pdf\">Keynote: <\/a><strong><a href=\"http:\/\/blogs2.abo.fi\/nuas\/wp-content\/uploads\/sites\/73\/2018\/05\/ICT-in-widening-access-to-career-guidance-and-counselling.pdf\">ICT in widening access to career guidance and counselling<\/a><\/strong><br \/>\nCounsellor J\u00f3n\u00edna K\u00e1rdal, University of Iceland and Jaana Kettunen, University of Jyv\u00e4skyl\u00e4<\/td>\n<\/tr>\n<tr>\n<td width=\"25%\">11.45 &#8211; 12.15<\/td>\n<td><a href=\"http:\/\/blogs2.abo.fi\/nuas\/wp-content\/uploads\/sites\/73\/2018\/05\/Tr\u00f6tta-studenter-och-oklara-verktyg.pdf\">Keynote: <\/a><strong><a href=\"http:\/\/blogs2.abo.fi\/nuas\/wp-content\/uploads\/sites\/73\/2018\/05\/Tr\u00f6tta-studenter-och-oklara-verktyg.pdf\">Tr\u00f6tta studenter och oklara verktyg<\/a><br \/>\n<\/strong>Student Ida-Maria Sola, \u00c5bo Akademi University<\/td>\n<\/tr>\n<tr>\n<td width=\"25%\">12.15 &#8211; 13.15<\/td>\n<td>Lunch<\/td>\n<\/tr>\n<tr>\n<td width=\"25%\">13.15 &#8211; 14.30<\/td>\n<td><strong>Parallel sessions 3<\/strong>:<\/td>\n<\/tr>\n<tr>\n<td width=\"25%\"><\/td>\n<td>Ilse Jensen, e guidance Copenhagen:<br \/>\n<a href=\"http:\/\/blogs2.abo.fi\/nuas\/wp-content\/uploads\/sites\/73\/2018\/05\/How-to-do-counselling-by-chat-video-session.pdf\"><strong>How to do counselling by chat (video session)<\/strong><br \/>\n<\/a><em>(Presentation)<\/em><strong><br \/>\n<\/strong><\/td>\n<\/tr>\n<tr>\n<td width=\"25%\"><\/td>\n<td>Johanna K\u00e4rki, University of Turku:<br \/>\n<strong><a href=\"http:\/\/blogs2.abo.fi\/nuas\/wp-content\/uploads\/sites\/73\/2018\/05\/Supporting-international-master-applicants-workshop.pdf\">Supporting international master applicants<\/a><\/strong><em> (Workshop)<\/em><strong><br \/>\n<\/strong><\/td>\n<\/tr>\n<tr>\n<td width=\"25%\"><\/td>\n<td><span lang=\"EN-US\">Karen Lintner and Jesper S\u00f8lund<\/span>, Arts Career, Faculty of Arts, Aarhus University:<br \/>\n<strong><a href=\"http:\/\/blogs2.abo.fi\/nuas\/wp-content\/uploads\/sites\/73\/2018\/05\/Career-Management-Skills.pdf\">Career Management Skills: how can we prepare academics for the future labourmarket<\/a> <\/strong><em>(Workshop)<\/em><strong><br \/>\n<\/strong><\/td>\n<\/tr>\n<tr>\n<td width=\"25%\"><\/td>\n<td><strong>Networking \u2013 not facilitated \u2013 keep an open mind<\/strong><\/td>\n<\/tr>\n<tr>\n<td width=\"25%\">14.30 &#8211; 15.00<\/td>\n<td>Coffee and networking<\/td>\n<\/tr>\n<tr>\n<td width=\"25%\">15.00 &#8211; 16.15<\/td>\n<td><strong>Parallel sessions 4:<\/strong><\/td>\n<\/tr>\n<tr>\n<td width=\"25%\"><\/td>\n<td>Randi Tang Nielsen and Emilie Kolbj\u00f8rn Jensen, University of Copenhagen:<br \/>\n<strong><a href=\"http:\/\/blogs2.abo.fi\/nuas\/wp-content\/uploads\/sites\/73\/2018\/05\/How-to-make-efficient-and-effective-use-of-email-guidance.pdf\">How to make efficient and effective use of email guidance<\/a> <\/strong><em>(Presentation)<\/em><strong><br \/>\n<\/strong><\/td>\n<\/tr>\n<tr>\n<td width=\"25%\"><\/td>\n<td>Dorota Gorna, Malm\u00f6 universitet:<br \/>\n<strong><a href=\"http:\/\/blogs2.abo.fi\/nuas\/wp-content\/uploads\/sites\/73\/2018\/05\/Early-Alert-system.pdf\">Early Alert-system \u2013 God praxis f\u00f6r genomstr\u00f6mning p\u00e5 Malm\u00f6 universitet<\/a> <\/strong><em>(Workshop)<\/em><strong><br \/>\n<\/strong><\/td>\n<\/tr>\n<tr>\n<td width=\"25%\"><\/td>\n<td>Jaana Kettunen, University of Jyv\u00e4skyl\u00e4 and J\u00f3n\u00edna K\u00e1rdal, University of Iceland:<br \/>\n<strong>Social media competence in providing career services <\/strong><em>(Workshop)<\/em><strong><br \/>\n<\/strong><\/td>\n<\/tr>\n<tr>\n<td width=\"25%\"><\/td>\n<td>Susanne Nylund-Torp, \u00c5bo Akademi University:<br \/>\n<strong><a href=\"http:\/\/blogs2.abo.fi\/nuas\/wp-content\/uploads\/sites\/73\/2018\/05\/NUAS-Promoting-Nordic-student-exchange.pdf\">Promoting Nordic student exchange<\/a><\/strong><em>(Workshop)<\/em><strong><br \/>\n<\/strong><\/td>\n<\/tr>\n<tr>\n<td width=\"25%\">16.15 &#8211; 16.45<\/td>\n<td><strong>Wrapping up the conference<br \/>\n<\/strong>NUAS planning group member Christen Soleim<br \/>\nUniversity Director Ulla Achr\u00e9n<\/td>\n<\/tr>\n<tr>\n<td width=\"25%\">19.00<\/td>\n<td><strong>Conference dinner<\/strong><br \/>\nK\u00e5ren (H\u00e4meenkatu\/Tavastgatan 22)<b><br \/>\n<\/b><\/td>\n<\/tr>\n<tr>\n<td width=\"25%\">&nbsp;<\/p>\n<p><strong>Friday 4 May <\/strong><\/td>\n<td>&nbsp;<\/p>\n<p><strong>(Optional Programme)<\/strong><\/td>\n<\/tr>\n<tr>\n<td width=\"25%\">\u00a010.00 &#8211; 11.30<\/td>\n<td><strong>Visit to <a href=\"https:\/\/www.abo.fi\/en\/career-services\/\">Career Services<\/a><\/strong><br \/>\nArbetsforum, \u00c5bo Akademi University: <strong>Jan Kraufvelin<\/strong><br \/>\nRekry, University of Turku: <strong>Minna Kari<\/strong><br \/>\n&#8211; presentation of activities and organisation<br \/>\nAddress: \u00c5-huset, Gezeliuksenkatu\/Gezeliusgatan 2a<\/td>\n<\/tr>\n<tr>\n<td width=\"25%\">\u00a010.00 -11.30<\/td>\n<td><strong>Introduction of new students &#8211; best practices from Turku\/\u00c5bo<br \/>\n&#8211; <\/strong><strong><a href=\"http:\/\/blogs2.abo.fi\/nuas\/wp-content\/uploads\/sites\/73\/2018\/05\/StudyinTurku-yleisesittely_NUAS.pdf\">Presentation of Study in Turku<\/a><\/strong><br \/>\nCooperative organisation including all universities and universities of applied sciences, the city of Turku\/\u00c5bo, student associations and local businesses<br \/>\nStudy in Turku Coordinators: <strong>Jenni Iivonen<\/strong> and <strong>Anssi Kaisti<\/strong><br \/>\n<strong>&#8211; <a href=\"http:\/\/web.abo.fi\/lc\/presentationsmaterial\/AcademicStudySkills_NUASMary2018.pdf\">Presentation of the course &#8221;Academic Study Skills&#8221;<\/a><br \/>\n<\/strong>The course is part of the study plan in all bachelor programmes at \u00c5AU, as part of the study orientation programme<br \/>\n&#8211; <a href=\"http:\/\/web.abo.fi\/lc\/guider\/Studienyckeln.pdf\">Studienyckeln<\/a><br \/>\n&#8211; Kompendiet <a href=\"http:\/\/web.abo.fi\/lc\/guider\/Studieteknikguide.pdf\">Studieteknik och studief\u00e4rdigheter<\/a><br \/>\nCoordinator: <strong>Tove Forslund<\/strong><br \/>\nAddress: Arken, Helikon (above the conference venue), Tehtaankatu\/Fabriksgatan 2<\/td>\n<\/tr>\n<tr>\n<td width=\"25%\">\u00a010.00 &#8211; 11.30<\/td>\n<td><strong>Visit to and guided tour at <a href=\"http:\/\/www.turku.fi\/en\/turkucastle\">Turku Castle <\/a><\/strong>(you sign up for this tour on the conference registration form)<\/p>\n<p>The meeting point is in front of the \u00c5bo Svenska Teater by the city<br \/>\ncentre Market square, address: Aurakatu 10\/Auragatan 10 at 9:30 (kindly be on time!)<\/p>\n<p>We will take the bus number 1 together to the castle, where the tour guide will meet us. The guided tour will last 1 hour. After the tour, if you wish, you can continue to explore the castle on your own. Return to city centre independently (walking distance Castle &#8211; Market square 2,8 km).<\/td>\n<\/tr>\n<\/tbody>\n<\/table>\n<p>In addition, there is a lot to experience, visit and see in Turku\/\u00c5bo. We kindly suggest you to find more information here: <a href=\"https:\/\/www.visitturku.fi\/en\">Visit Turku<\/a>.<\/p>\n","protected":false},"excerpt":{"rendered":"<p>The conference programme has now been finalised. Thank you for all valuable feedback we have been given during the past months. We have taken your suggestions into account as much as possible. Some new parallel sessions and optional programmes have &hellip; <a href=\"https:\/\/blogs2.abo.fi\/nuas\/conferenceprogramme\/\">Forts\u00e4tt l\u00e4sa <span class=\"meta-nav\">&rarr;<\/span><\/a><\/p>\n","protected":false},"author":8,"featured_media":0,"parent":0,"menu_order":0,"comment_status":"closed","ping_status":"closed","template":"","meta":{"footnotes":""},"class_list":["post-263","page","type-page","status-publish","hentry"],"_links":{"self":[{"href":"https:\/\/blogs2.abo.fi\/nuas\/wp-json\/wp\/v2\/pages\/263","targetHints":{"allow":["GET"]}}],"collection":[{"href":"https:\/\/blogs2.abo.fi\/nuas\/wp-json\/wp\/v2\/pages"}],"about":[{"href":"https:\/\/blogs2.abo.fi\/nuas\/wp-json\/wp\/v2\/types\/page"}],"author":[{"embeddable":true,"href":"https:\/\/blogs2.abo.fi\/nuas\/wp-json\/wp\/v2\/users\/8"}],"replies":[{"embeddable":true,"href":"https:\/\/blogs2.abo.fi\/nuas\/wp-json\/wp\/v2\/comments?post=263"}],"version-history":[{"count":109,"href":"https:\/\/blogs2.abo.fi\/nuas\/wp-json\/wp\/v2\/pages\/263\/revisions"}],"predecessor-version":[{"id":604,"href":"https:\/\/blogs2.abo.fi\/nuas\/wp-json\/wp\/v2\/pages\/263\/revisions\/604"}],"wp:attachment":[{"href":"https:\/\/blogs2.abo.fi\/nuas\/wp-json\/wp\/v2\/media?parent=263"}],"curies":[{"name":"wp","href":"https:\/\/api.w.org\/{rel}","templated":true}]}}