{"id":151,"date":"2019-10-31T14:12:00","date_gmt":"2019-10-31T11:12:00","guid":{"rendered":"http:\/\/blogs2.abo.fi\/nordisk-laroplansteoretisk-konferens2019\/?page_id=151"},"modified":"2019-11-07T14:21:44","modified_gmt":"2019-11-07T11:21:44","slug":"sessioner","status":"publish","type":"page","link":"https:\/\/blogs2.abo.fi\/nordisk-laroplansteoretisk-konferens2019\/sessioner\/","title":{"rendered":"Sessioner"},"content":{"rendered":"<h4>Session 1<\/h4>\n<table width=\"0\">\n<tbody>\n<tr>\n<td width=\"158\"><strong>Nationell l\u00e4roplansteori<\/strong><\/p>\n<p><strong>\u00a0<\/strong><\/td>\n<td width=\"138\"><strong>L\u00e4roplanen i transnationell belysning<\/strong><\/td>\n<td width=\"153\"><strong>Kommunalt utbildningsledarskap<\/strong><\/td>\n<td width=\"165\"><strong>Professionell kompetens och reflektion<\/strong><\/td>\n<td width=\"227\"><strong>H\u00f6gre utbildning<\/strong><\/p>\n<p><strong>\u00a0<\/strong><\/td>\n<\/tr>\n<tr>\n<td width=\"158\"><em>RUM C0201<\/em><\/td>\n<td width=\"138\"><em>RUM F0607<\/em><\/td>\n<td width=\"153\"><em>RUM E0610<\/em><\/td>\n<td width=\"165\"><em>RUM F0612<\/em><\/td>\n<td width=\"227\"><em>RUM C0214<\/em><\/td>\n<\/tr>\n<tr>\n<td width=\"158\"><strong>Daniel Sundberg &amp; Ninni Wahlstr\u00f6m<\/strong><\/p>\n<p>Vad r\u00e4knas som utbildning? Om kunskapserbjudanden i ett splittrat skolsystem<\/p>\n<p>&nbsp;<\/td>\n<td width=\"138\"><strong>Mari Bergroth<\/strong><\/p>\n<p>Spr\u00e5kmedveten undervisning i ljuset av europeisk innovations-politik<\/p>\n<p>&nbsp;<\/td>\n<td width=\"153\"><strong>Carl-Henrik Adolfsson<\/strong><\/p>\n<p>Kommunal kvalitetsstyrning i ett f\u00f6r\u00e4ndrat styrningslandskap<\/p>\n<p>&nbsp;<\/td>\n<td width=\"165\"><strong>Tobias Werler &amp;<br \/>\nChristian Huseby\u00a0 <\/strong>Is <em>pedagogikk<\/em> powerful knowledge for teacher education? Approaches to starting a curriculum analysis<\/td>\n<td width=\"227\"><strong>Leo Berglund<\/strong><\/p>\n<p>Can the Mass University be a Place for Critique? University Ideology and the Educational Logics of Humboldt and Newman<\/p>\n<p>&nbsp;<\/td>\n<\/tr>\n<tr>\n<td width=\"158\"><strong>Berit Karseth &amp; Eli Ottesen<\/strong><br \/>\n\u00c5 studere en l\u00e6replanreform: Noen innledende betraktninger knyttet til en forskningsbasert evaluering av l\u00e6replanreformen fagfornyelsen i Norge<\/td>\n<td width=\"138\"><strong>Jonathan Lilliedahl<\/strong><\/p>\n<p>Att analysera internationella policyfl\u00f6den: Modell f\u00f6r att begripa etableringen av musikklasser i Sverige<\/p>\n<p>&nbsp;<\/td>\n<td width=\"153\"><strong>Ann-Sofie Smeds-Nylund<br \/>\n<\/strong>Kommunalt utbildningsledarskap- att mediera mellan politik och medborgaropinion<\/td>\n<td width=\"165\"><strong>Lea Lund<\/strong><\/p>\n<p>Lead &amp; Learn: Educational Leadership. The voices of educational leadership. Investigations of the pedagogical thinking of school leaders in higher education<strong>\u00a0 <\/strong><\/p>\n<p>&nbsp;<\/td>\n<td width=\"227\"><strong>Janne Elo<\/strong><\/p>\n<p>Challenges in Theorizing Multilevel Higher Education Leadership<\/p>\n<p>&nbsp;<\/td>\n<\/tr>\n<tr>\n<td width=\"158\"><strong>Tatiana Mikhailova<\/strong><\/p>\n<p>Exploring shadow education with curriculum theory: A conceptual framework<\/p>\n<p>&nbsp;<\/td>\n<td width=\"138\"><strong>Harald Jarning<\/strong><\/p>\n<p>Fag og fagprofil &#8211; Hva har v\u00e6rt viktige kunnskaper i en nordisk utdanningsmodell?<\/td>\n<td width=\"153\"><\/td>\n<td width=\"165\"><strong>Alex M\u00e4kiharju<\/strong><\/p>\n<p>\u00c4mnes\u00f6verskridande samarbete utmanar den grundl\u00e4ggande utbildningens struktur- En fenomenografisk unders\u00f6kning<\/p>\n<p>&nbsp;<\/td>\n<td width=\"227\"><\/td>\n<\/tr>\n<\/tbody>\n<\/table>\n<h4><span style=\"font-size: 1rem\">Session 2<\/span><\/h4>\n<table>\n<tbody>\n<tr>\n<td width=\"151\"><strong>\u00c4mnesdidaktik<\/strong><\/td>\n<td width=\"170\"><strong>Icke-affirmativ l\u00e4roplansteori<\/strong><\/td>\n<td width=\"170\"><strong>L\u00e4rares pedagogiska t\u00e4nkande<\/strong><\/td>\n<td width=\"217\"><strong>L\u00e4rarprofessionalitet<\/strong><\/p>\n<p><strong>\u00a0<\/strong><\/td>\n<\/tr>\n<tr>\n<td width=\"151\"><em>RUM F0612<\/em><\/td>\n<td width=\"170\"><em>RUM E0610<\/em><\/td>\n<td width=\"170\"><em>RUM F0607<\/em><\/td>\n<td width=\"217\"><em>RUM C0214<\/em><\/td>\n<\/tr>\n<tr>\n<td width=\"151\"><strong>Evelina M\u00f6llenborg:<\/strong><\/p>\n<p>Samh\u00e4llskunskap som akademiskt analys\u00e4mne, medborgarfostran eller praktiskt handlings\u00e4mne? &#8211; \u00c4mnet samh\u00e4llskunskap ur ett elevperspektiv<\/td>\n<td width=\"170\"><strong>Silvia Morelli<\/strong>:<\/p>\n<p>Curriculum and Democracy Education<\/p>\n<p>&nbsp;<\/td>\n<td width=\"170\"><strong>Tomas Englund:<\/strong><\/p>\n<p>An attempt to develop curriculum theory and analysis in a historical and societal perspective \u2013 a starting point<\/p>\n<p>&nbsp;<\/td>\n<td width=\"217\"><strong>Jessica Aspfors &amp; Gunilla Eklund<\/strong>:<\/p>\n<p>Teacher educators\u00b4 perceptions on scientifically designed teacher education in a Finnish and Norwegian context<\/td>\n<\/tr>\n<tr>\n<td width=\"151\"><strong>Elisabet Backlund-K\u00e4rjenm\u00e4ki<\/strong>:<\/p>\n<p>Helhetsskapande undervisning och m\u00e5ngvetenskapliga l\u00e4romr\u00e5den som utvecklingsprojekt<br \/>\n&#8211; Utmaningar och m\u00f6jligheter i \u00e5rskurserna 7-9<\/p>\n<p>&nbsp;<\/td>\n<td width=\"170\"><strong>Kirsten Sivesind<\/strong><\/td>\n<td width=\"170\"><strong>Martina Wyszynska Johansson:<\/strong><\/p>\n<p>Tracing the Moving \u201cTarget\u201d in Didaktik of Vocational Classroom Instruction<\/p>\n<p>&nbsp;<\/td>\n<td width=\"217\"><strong>Andreas Bergh &amp; Matilda Wiklund<\/strong><\/p>\n<p>Teachers\u2019 experiences of conditions for anti-racist action<\/td>\n<\/tr>\n<tr>\n<td width=\"151\"><\/td>\n<td width=\"170\"><strong>Andreas Nordin:<\/strong><\/p>\n<p>On the normativity of data-driven curriculum work &#8211; a discursive and non-affirmative approach<\/td>\n<td width=\"170\"><strong>Charlotta Hilli:<\/strong><\/p>\n<p>Collective processes of Bildung in Virtual Learning Environments<\/p>\n<p>&nbsp;<\/td>\n<td width=\"217\"><strong>Ana Lucia Da Silva &amp; Christina <\/strong><strong>EldeM\u00f8lstad<\/strong><strong>:<\/strong>Professional autonomy and agency in between teachers and national policy: a comparative study in Brazilian and Norwegian lower-secondary schools<\/td>\n<\/tr>\n<\/tbody>\n<\/table>\n","protected":false},"excerpt":{"rendered":"<p>Session 1 Nationell l\u00e4roplansteori \u00a0 L\u00e4roplanen i transnationell belysning Kommunalt utbildningsledarskap Professionell kompetens och reflektion H\u00f6gre utbildning \u00a0 RUM C0201 RUM F0607 RUM E0610 RUM F0612 RUM C0214 Daniel Sundberg &amp; Ninni Wahlstr\u00f6m Vad r\u00e4knas som utbildning? Om kunskapserbjudanden i ett splittrat skolsystem &nbsp; Mari Bergroth Spr\u00e5kmedveten undervisning i ljuset av europeisk innovations-politik &nbsp; Carl-Henrik &hellip; <\/p>\n<p class=\"link-more\"><a href=\"https:\/\/blogs2.abo.fi\/nordisk-laroplansteoretisk-konferens2019\/sessioner\/\" class=\"more-link\">Forts\u00e4tt l\u00e4sa<span class=\"screen-reader-text\"> \u201dSessioner\u201d<\/span><\/a><\/p>\n","protected":false},"author":413,"featured_media":0,"parent":0,"menu_order":0,"comment_status":"closed","ping_status":"closed","template":"","meta":{"footnotes":""},"class_list":["post-151","page","type-page","status-publish","hentry"],"_links":{"self":[{"href":"https:\/\/blogs2.abo.fi\/nordisk-laroplansteoretisk-konferens2019\/wp-json\/wp\/v2\/pages\/151","targetHints":{"allow":["GET"]}}],"collection":[{"href":"https:\/\/blogs2.abo.fi\/nordisk-laroplansteoretisk-konferens2019\/wp-json\/wp\/v2\/pages"}],"about":[{"href":"https:\/\/blogs2.abo.fi\/nordisk-laroplansteoretisk-konferens2019\/wp-json\/wp\/v2\/types\/page"}],"author":[{"embeddable":true,"href":"https:\/\/blogs2.abo.fi\/nordisk-laroplansteoretisk-konferens2019\/wp-json\/wp\/v2\/users\/413"}],"replies":[{"embeddable":true,"href":"https:\/\/blogs2.abo.fi\/nordisk-laroplansteoretisk-konferens2019\/wp-json\/wp\/v2\/comments?post=151"}],"version-history":[{"count":13,"href":"https:\/\/blogs2.abo.fi\/nordisk-laroplansteoretisk-konferens2019\/wp-json\/wp\/v2\/pages\/151\/revisions"}],"predecessor-version":[{"id":195,"href":"https:\/\/blogs2.abo.fi\/nordisk-laroplansteoretisk-konferens2019\/wp-json\/wp\/v2\/pages\/151\/revisions\/195"}],"wp:attachment":[{"href":"https:\/\/blogs2.abo.fi\/nordisk-laroplansteoretisk-konferens2019\/wp-json\/wp\/v2\/media?parent=151"}],"curies":[{"name":"wp","href":"https:\/\/api.w.org\/{rel}","templated":true}]}}