{"id":139,"date":"2019-10-22T16:25:42","date_gmt":"2019-10-22T13:25:42","guid":{"rendered":"http:\/\/blogs2.abo.fi\/nordisk-laroplansteoretisk-konferens2019\/?page_id=139"},"modified":"2019-10-22T18:18:51","modified_gmt":"2019-10-22T15:18:51","slug":"paneldiskussion","status":"publish","type":"page","link":"https:\/\/blogs2.abo.fi\/nordisk-laroplansteoretisk-konferens2019\/paneldiskussion\/","title":{"rendered":"Paneldiskussion"},"content":{"rendered":"<p><strong>Policy, ledarskap och didaktik \u2013 hur hanterar den nordiska l\u00e4roplansteorin utmaningarna?<\/strong><\/p>\n<p>\u00c5 ena sidan har l\u00e4roplansforskningen (curriculum\/didaktik) internationellt betraktats befinna sig i en utmanande position, \u00e5 andra sidan har vi f\u00e5 andra forskningstraditioner inom pedagogiken som \u00e4r bekv\u00e4m med att hantera m\u00e5l, inneh\u00e5lls och metodfr\u00e5gor dels som policyproblem p\u00e5 b\u00e5de nationell och transnationell niv\u00e5, som ledarskapsproblem och som praktiskt-pedagogiska eller didaktiska problem. K\u00e4nnetecknas den nordiska l\u00e4roplansteoretiska traditionen och didaktiken av att ha r\u00f6rt sig p\u00e5 alla dessa niv\u00e5er? Var \u00e4r utmaningarna g\u00e4llande att utveckla ett begreppsligt spr\u00e5k f\u00f6r de m\u00e5nga niv\u00e5erna? Panelens deltagare gestaltar i vilken riktning vi med f\u00f6rdel kunde r\u00f6ra oss i.<\/p>\n<p><strong>\u00a0<\/strong><strong>Paneldeltagare<\/strong><\/p>\n<p>Prof. Berit Karseth, Universitetet i Oslo<br \/>\nProf. Daniel Sundberg, Linneus universitetet<br \/>\nProf. Ninni Wahlstr\u00f6m, Linneus universitetet<br \/>\nProf. Tobias Werler, H\u00f6gskolan p\u00e5 Vestlandet<\/p>\n","protected":false},"excerpt":{"rendered":"<p>Policy, ledarskap och didaktik \u2013 hur hanterar den nordiska l\u00e4roplansteorin utmaningarna? \u00c5 ena sidan har l\u00e4roplansforskningen (curriculum\/didaktik) internationellt betraktats befinna sig i en utmanande position, \u00e5 andra sidan har vi f\u00e5 andra forskningstraditioner inom pedagogiken som \u00e4r bekv\u00e4m med att hantera m\u00e5l, inneh\u00e5lls och metodfr\u00e5gor dels som policyproblem p\u00e5 b\u00e5de nationell och transnationell niv\u00e5, som &hellip; <\/p>\n<p class=\"link-more\"><a href=\"https:\/\/blogs2.abo.fi\/nordisk-laroplansteoretisk-konferens2019\/paneldiskussion\/\" class=\"more-link\">Forts\u00e4tt l\u00e4sa<span class=\"screen-reader-text\"> \u201dPaneldiskussion\u201d<\/span><\/a><\/p>\n","protected":false},"author":413,"featured_media":0,"parent":0,"menu_order":0,"comment_status":"closed","ping_status":"closed","template":"","meta":{"footnotes":""},"class_list":["post-139","page","type-page","status-publish","hentry"],"_links":{"self":[{"href":"https:\/\/blogs2.abo.fi\/nordisk-laroplansteoretisk-konferens2019\/wp-json\/wp\/v2\/pages\/139","targetHints":{"allow":["GET"]}}],"collection":[{"href":"https:\/\/blogs2.abo.fi\/nordisk-laroplansteoretisk-konferens2019\/wp-json\/wp\/v2\/pages"}],"about":[{"href":"https:\/\/blogs2.abo.fi\/nordisk-laroplansteoretisk-konferens2019\/wp-json\/wp\/v2\/types\/page"}],"author":[{"embeddable":true,"href":"https:\/\/blogs2.abo.fi\/nordisk-laroplansteoretisk-konferens2019\/wp-json\/wp\/v2\/users\/413"}],"replies":[{"embeddable":true,"href":"https:\/\/blogs2.abo.fi\/nordisk-laroplansteoretisk-konferens2019\/wp-json\/wp\/v2\/comments?post=139"}],"version-history":[{"count":3,"href":"https:\/\/blogs2.abo.fi\/nordisk-laroplansteoretisk-konferens2019\/wp-json\/wp\/v2\/pages\/139\/revisions"}],"predecessor-version":[{"id":143,"href":"https:\/\/blogs2.abo.fi\/nordisk-laroplansteoretisk-konferens2019\/wp-json\/wp\/v2\/pages\/139\/revisions\/143"}],"wp:attachment":[{"href":"https:\/\/blogs2.abo.fi\/nordisk-laroplansteoretisk-konferens2019\/wp-json\/wp\/v2\/media?parent=139"}],"curies":[{"name":"wp","href":"https:\/\/api.w.org\/{rel}","templated":true}]}}