{"id":2,"date":"2023-03-30T08:23:29","date_gmt":"2023-03-30T08:23:29","guid":{"rendered":"https:\/\/blogs2.abo.fi\/folkligtskrivande\/?page_id=2"},"modified":"2023-04-27T13:22:41","modified_gmt":"2023-04-27T10:22:41","slug":"sample-page","status":"publish","type":"page","link":"https:\/\/blogs2.abo.fi\/folkligtskrivande\/sample-page\/","title":{"rendered":"Praktisk information"},"content":{"rendered":"<p><strong>F\u00f6redragen<\/strong> h\u00e5lls b\u00e5de p\u00e5 onsdag och torsdag i auditorium Aura i \u00c5bo Akademis Arken-byggnad. Auditoriet ligger p\u00e5 bottenv\u00e5ningen p\u00e5 adressen\u00a0 Fabriksgatan 2.<\/p>\n<p><img loading=\"lazy\" decoding=\"async\" class=\"alignnone wp-image-75\" src=\"http:\/\/blogs2.abo.fi\/folkligtskrivande\/wp-content\/uploads\/sites\/240\/2023\/04\/Arken-kartan-e1682510593787-262x300.png\" alt=\"\" width=\"272\" height=\"311\" srcset=\"https:\/\/blogs2.abo.fi\/folkligtskrivande\/wp-content\/uploads\/sites\/240\/2023\/04\/Arken-kartan-e1682510593787-262x300.png 262w, https:\/\/blogs2.abo.fi\/folkligtskrivande\/wp-content\/uploads\/sites\/240\/2023\/04\/Arken-kartan-e1682510593787.png 552w\" sizes=\"auto, (max-width: 272px) 100vw, 272px\" \/><\/p>\n<p>Ing\u00e5ng till audiotiret sker enklast via ing\u00e5ngen till Centret f\u00f6r livsl\u00e5ngt l\u00e4rande (CLL), markerad p\u00e5 kartan med en pil. <strong>Lunch<\/strong> serveras i Caf\u00e9 Arken, ocks\u00e5 markerat p\u00e5 kartan.<\/p>\n<p><strong>Middagen<\/strong> p\u00e5 onsdag \u00e4ger rum p\u00e5 Restaurang Gr\u00e4dda, Biskopsgatan 15.<\/p>\n<p>B\u00e5de middagen p\u00e5 onsdag och lunchen p\u00e5 torsdag \u00e4r gratis f\u00f6r alla deltagare, likas\u00e5 kaffeserveringen b\u00e5da dagarna.<\/p>\n<p>Bokandet av eventuell <strong>\u00f6vernattning<\/strong> sker p\u00e5 egen hand, men vi kan rekommendera exemplvis Hotell Centro och Scandic Julia, vilka b\u00e5da ligger p\u00e5 g\u00e5ngavst\u00e5nd fr\u00e5n Arken.<\/p>\n<p>En karta med ovann\u00e4mnda platser finns tillg\u00e4nglig via Google Maps: <a href=\"https:\/\/www.google.com\/maps\/d\/edit?mid=1k4koIML1CKIehAf3zS8eVPtAMYRxBPw&amp;usp=sharing\" target=\"_blank\" rel=\"noopener\">Folkligt skrivande-symposium <\/a><\/p>\n","protected":false},"excerpt":{"rendered":"<p>F\u00f6redragen h\u00e5lls b\u00e5de p\u00e5 onsdag och torsdag i auditorium Aura i \u00c5bo Akademis Arken-byggnad. Auditoriet ligger p\u00e5 bottenv\u00e5ningen p\u00e5 adressen\u00a0 Fabriksgatan 2. Ing\u00e5ng till audiotiret sker enklast via ing\u00e5ngen till Centret f\u00f6r livsl\u00e5ngt l\u00e4rande (CLL), markerad p\u00e5 kartan med en pil. Lunch serveras i Caf\u00e9 Arken, ocks\u00e5 markerat p\u00e5 kartan. Middagen p\u00e5 onsdag \u00e4ger rum &hellip; <\/p>\n<p class=\"link-more\"><a href=\"https:\/\/blogs2.abo.fi\/folkligtskrivande\/sample-page\/\" class=\"more-link\">Forts\u00e4tt l\u00e4sa<span class=\"screen-reader-text\"> \u201dPraktisk information\u201d<\/span><\/a><\/p>\n","protected":false},"author":523,"featured_media":0,"parent":0,"menu_order":0,"comment_status":"closed","ping_status":"open","template":"","meta":{"footnotes":""},"class_list":["post-2","page","type-page","status-publish","hentry"],"_links":{"self":[{"href":"https:\/\/blogs2.abo.fi\/folkligtskrivande\/wp-json\/wp\/v2\/pages\/2","targetHints":{"allow":["GET"]}}],"collection":[{"href":"https:\/\/blogs2.abo.fi\/folkligtskrivande\/wp-json\/wp\/v2\/pages"}],"about":[{"href":"https:\/\/blogs2.abo.fi\/folkligtskrivande\/wp-json\/wp\/v2\/types\/page"}],"author":[{"embeddable":true,"href":"https:\/\/blogs2.abo.fi\/folkligtskrivande\/wp-json\/wp\/v2\/users\/523"}],"replies":[{"embeddable":true,"href":"https:\/\/blogs2.abo.fi\/folkligtskrivande\/wp-json\/wp\/v2\/comments?post=2"}],"version-history":[{"count":5,"href":"https:\/\/blogs2.abo.fi\/folkligtskrivande\/wp-json\/wp\/v2\/pages\/2\/revisions"}],"predecessor-version":[{"id":182,"href":"https:\/\/blogs2.abo.fi\/folkligtskrivande\/wp-json\/wp\/v2\/pages\/2\/revisions\/182"}],"wp:attachment":[{"href":"https:\/\/blogs2.abo.fi\/folkligtskrivande\/wp-json\/wp\/v2\/media?parent=2"}],"curies":[{"name":"wp","href":"https:\/\/api.w.org\/{rel}","templated":true}]}}